{"id":42691,"date":"2026-08-18T15:42:38","date_gmt":"2026-08-18T15:42:38","guid":{"rendered":"https:\/\/optica-optofarm.ro\/?page_id=42691"},"modified":"2026-08-30T13:41:47","modified_gmt":"2026-08-30T13:41:47","slug":"reduceri-actuale","status":"publish","type":"page","link":"https:\/\/optica-optofarm.ro\/hu\/reduceri-actuale\/","title":{"rendered":"Kedvezm\u00e9nyek"},"content":{"rendered":"<div data-elementor-type=\"wp-page\" data-elementor-id=\"42691\" class=\"elementor elementor-42691\">\n\t\t\t\t<div class=\"elementor-element elementor-element-5cf9259 e-con e-atomic-element e-flexbox-base e-7ccf7b4\" data-id=\"5cf9259\" data-element_type=\"e-flexbox\" data-e-type=\"e-flexbox\" data-interaction-id=\"5cf9259\">\n    <div class=\"elementor-element elementor-element-7942412 e-con e-atomic-element e-flexbox-base e-eee7688\" data-id=\"7942412\" data-element_type=\"e-flexbox\" data-e-type=\"e-flexbox\" data-interaction-id=\"7942412\">\n    \t\t<div class=\"elementor-element elementor-element-03fbb7f cmsmasters-block-default cmsmasters-sticky-default elementor-widget elementor-widget-image\" data-id=\"03fbb7f\" data-element_type=\"widget\" data-e-type=\"widget\" data-widget_type=\"image.default\">\n\t\t\t\t\t\t\t\t\t\t\t\t\t\t\t<img fetchpriority=\"high\" decoding=\"async\" width=\"627\" height=\"526\" src=\"https:\/\/optica-optofarm.ro\/wp-content\/uploads\/2026\/08\/775261296_1671399441660959_8693204252077607192_n-e1788097293599.jpg\" class=\"attachment-large size-large wp-image-42696\" alt=\"\" \/>\t\t\t\t\t\t\t\t\t\t\t\t\t\t\t<\/div>\n\t\t\t\t<div class=\"elementor-element elementor-element-4e675bc cmsmasters-block-default cmsmasters-sticky-default elementor-widget elementor-widget-image\" data-id=\"4e675bc\" data-element_type=\"widget\" data-e-type=\"widget\" data-widget_type=\"image.default\">\n\t\t\t\t\t\t\t\t\t\t\t\t\t\t\t<img decoding=\"async\" width=\"627\" height=\"627\" src=\"https:\/\/optica-optofarm.ro\/wp-content\/uploads\/2026\/08\/HU-30-description.png\" class=\"attachment-full size-full wp-image-42710\" alt=\"\" srcset=\"\" sizes=\"(max-width: 627px) 100vw, 627px\" data-srcset=\"\" \/>\t\t\t\t\t\t\t\t\t\t\t\t\t\t\t<\/div>\n\t\t\n<\/div>\n<div class=\"elementor-element elementor-element-0720134 e-con e-atomic-element e-flexbox-base e-dae93a4\" data-id=\"0720134\" data-element_type=\"e-flexbox\" data-e-type=\"e-flexbox\" data-interaction-id=\"0720134\">\n    \t\t<div class=\"elementor-element elementor-element-46e0cd5 cmsmasters-block-default cmsmasters-sticky-default elementor-widget elementor-widget-cmsmasters-text-editor\" data-id=\"46e0cd5\" data-element_type=\"widget\" data-e-type=\"widget\" data-widget_type=\"cmsmasters-text-editor.default\">\n\t\t\t\t\t\t\t\t\t<h5><b>30%-os ISKOLAKEZD\u00c9SI AKCI\u00d3\u00a0<\/b><\/h5><h5><b>2026. augusztus 15. \u2013 szeptember 30. k\u00f6z\u00f6tt 30% kedvezm\u00e9nyt biztos\u00edtunk a szem\u00fcveglencs\u00e9kre \u00f3vod\u00e1sok \u00e9s iskol\u00e1sok sz\u00e1m\u00e1ra! Ha gyermekednek \u00faj szem\u00fcvegre van sz\u00fcks\u00e9ge, most \u00e9rdemes kihaszn\u00e1lni az akci\u00f3t. \ud83d\udc53<\/b><\/h5><h5><b>\ud83d\udc67\ud83e\uddd2 Kinek sz\u00f3l az akci\u00f3?<\/b><\/h5><h5><span style=\"font-weight: 400;\">A kedvezm\u00e9nyt azok <\/span><b>a rom\u00e1niai \u00e1llami vagy mag\u00e1n oktat\u00e1si int\u00e9zm\u00e9nybe j\u00e1r\u00f3 \u00f3vod\u00e1sok \u00e9s iskol\u00e1sok vehetik ig\u00e9nybe, akik az akci\u00f3 id\u0151szaka alatt a prom\u00f3ci\u00f3ban r\u00e9szt vev\u0151 szem\u00fcveglencs\u00e9ket rendelnek.<\/b><span style=\"font-weight: 400;\">.<\/span><\/h5><h5><span style=\"font-weight: 400;\">Az akci\u00f3 \u00e9rv\u00e9nyes:<\/span><\/h5><ul><li style=\"font-weight: 400;\" aria-level=\"1\"><h5><span style=\"font-weight: 400;\">\u00f3vod\u00e1soknak;<\/span><\/h5><\/li><li style=\"font-weight: 400;\" aria-level=\"1\"><h5><span style=\"font-weight: 400;\">\u00e1ltal\u00e1nos iskol\u00e1soknak;<\/span><\/h5><\/li><li style=\"font-weight: 400;\" aria-level=\"1\"><h5><span style=\"font-weight: 400;\">gimnazist\u00e1knak;<\/span><\/h5><\/li><li style=\"font-weight: 400;\" aria-level=\"1\"><h5><span style=\"font-weight: 400;\">k\u00f6z\u00e9piskol\u00e1soknak.<\/span><\/h5><\/li><\/ul><h5><b>\ud83d\udc53 Milyen lencs\u00e9kre vonatkozik az akci\u00f3?<\/b><\/h5><h5><span style=\"font-weight: 400;\">Az akci\u00f3 a meghat\u00e1rozott <\/span><b>dioptriatartom\u00e1nyba es\u0151, t\u00fckr\u00f6z\u0151d\u00e9scs\u00f6kkent\u0151 (antireflex) kezel\u00e9ssel ell\u00e1tott szem\u00fcveglencs\u00e9kre vonatkozik.<\/b><span style=\"font-weight: 400;\">, \u00een intervalul dioptric stabilit pentru aceast\u0103 campanie.<\/span><\/h5><h5><span style=\"font-weight: 400;\">Reducerea de <\/span><b>A kedvezm\u00e9ny maximum egy p\u00e1r lencs\u00e9re \u00e9rtend\u0151.<\/b><span style=\"font-weight: 400;\">\u00a0<\/span><\/h5><h5><b>\ud83d\udcc5 Mikor \u00e9rv\u00e9nyes az akci\u00f3?<\/b><\/h5><h5><b>2026. augusztus 15. \u2013 szeptember 30. k\u00f6z\u00f6tt.<\/b><\/h5><h5><b>\ud83d\udcc4 Mit kell magaddal hozni?<\/b><\/h5><h5><span style=\"font-weight: 400;\">A kedvezm\u00e9ny ig\u00e9nybev\u00e9tel\u00e9hez az al\u00e1bbi dokumentumok valamelyik\u00e9t k\u00e9rj\u00fck bemutatni:<\/span><\/h5><ul><li style=\"font-weight: 400;\" aria-level=\"1\"><h5><span style=\"font-weight: 400;\">szem\u00e9lyazonos\u00edt\u00f3 igazolv\u00e1ny;<\/span><\/h5><\/li><li style=\"font-weight: 400;\" aria-level=\"1\"><h5><span style=\"font-weight: 400;\">sz\u00fclet\u00e9si bizony\u00edtv\u00e1ny;<\/span><\/h5><\/li><li style=\"font-weight: 400;\" aria-level=\"1\"><h5><span style=\"font-weight: 400;\">di\u00e1kigazolv\u00e1ny \/ tanul\u00f3i igazolv\u00e1ny.<\/span><\/h5><\/li><\/ul><h5><b>\u2139\ufe0f Tov\u00e1bbi inform\u00e1ci\u00f3<\/b><\/h5><h5><span style=\"font-weight: 400;\">\u00cen cadrul promo\u021biei particip\u0103 lentilele <\/span><b>A prom\u00f3ci\u00f3ban a SC Optica Optofarm SRL \u00e1ltal gy\u00e1rtott, illetve \u00fczleteinkben vagy k\u00f6zponti rakt\u00e1runkban k\u00e9szleten l\u00e9v\u0151,<\/b><span style=\"font-weight: 400;\">a meghat\u00e1rozott dioptriatartom\u00e1nyba es\u0151 lencs\u00e9k vesznek r\u00e9szt.<\/span><\/h5><h5><b>A prom\u00f3ci\u00f3 a k\u00e9szlet erej\u00e9ig \u00e9rv\u00e9nyes.<\/b><\/h5><h5><span style=\"font-weight: 400;\">SC Optica Optofarm SRL <\/span><\/h5>\t\t\t\t\t\t\t\t<\/div>\n\t\t\n<\/div>\n\n<\/div>\n\t\t<\/div>","protected":false},"excerpt":{"rendered":"<p>CAMPANIE PENTRU \u00ceNCEPEREA \u0218COLII \u2013 30% REDUCERE\u00a0 \u00cen perioada 15 august \u2013 30 septembrie 2026, pre\u0219colarii \u0219i \u0219colarii beneficiaz\u0103 de 30% reducere la lentilele de ochelari participante la promo\u021bie! \ud83d\udc67\ud83e\uddd2 Cui se adreseaz\u0103 promo\u021bia? Promo\u021bia este destinat\u0103 pre\u0219colarilor \u0219i \u0219colarilor \u00eenscri\u0219i \u00eentr-o unitate de \u00eenv\u0103\u021b\u0103m\u00e2nt public\u0103 sau privat\u0103 din Rom\u00e2nia. Oferta se aplic\u0103: pre\u0219colarilor; elevilor&#8230;<\/p>","protected":false},"author":2,"featured_media":0,"parent":0,"menu_order":0,"comment_status":"closed","ping_status":"closed","template":"elementor_header_footer","meta":{"footnotes":""},"class_list":["post-42691","page","type-page","status-publish","hentry"],"_links":{"self":[{"href":"https:\/\/optica-optofarm.ro\/hu\/wp-json\/wp\/v2\/pages\/42691","targetHints":{"allow":["GET"]}}],"collection":[{"href":"https:\/\/optica-optofarm.ro\/hu\/wp-json\/wp\/v2\/pages"}],"about":[{"href":"https:\/\/optica-optofarm.ro\/hu\/wp-json\/wp\/v2\/types\/page"}],"author":[{"embeddable":true,"href":"https:\/\/optica-optofarm.ro\/hu\/wp-json\/wp\/v2\/users\/2"}],"replies":[{"embeddable":true,"href":"https:\/\/optica-optofarm.ro\/hu\/wp-json\/wp\/v2\/comments?post=42691"}],"version-history":[{"count":16,"href":"https:\/\/optica-optofarm.ro\/hu\/wp-json\/wp\/v2\/pages\/42691\/revisions"}],"predecessor-version":[{"id":42718,"href":"https:\/\/optica-optofarm.ro\/hu\/wp-json\/wp\/v2\/pages\/42691\/revisions\/42718"}],"wp:attachment":[{"href":"https:\/\/optica-optofarm.ro\/hu\/wp-json\/wp\/v2\/media?parent=42691"}],"curies":[{"name":"wp","href":"https:\/\/api.w.org\/{rel}","templated":true}]}}